{"id":552197,"date":"2023-10-04T15:27:06","date_gmt":"2023-10-04T13:27:06","guid":{"rendered":"https:\/\/www.visitliptov.sk\/podujatie\/winter-jasna-opening-2023\/"},"modified":"2023-10-20T10:45:36","modified_gmt":"2023-10-20T08:45:36","slug":"winter-jasna-opening-2023","status":"publish","type":"podujatia","link":"https:\/\/plannervisit.krasno.dev\/en\/event\/winter-jasna-opening-2023\/","title":{"rendered":"Winter Jasn\u00e1 Opening 2023"},"content":{"rendered":"\n<p><span><\/span><strong>THE BEST PARTY OF THE WINTER SEASON IS THERE! THIS YEAR \u2013 THERE WILL BE A SPECIAL WORLD CUP EDITION WITH FAMOUS DARA ROLINS<\/strong><\/p>\n\n\n\n<p><span><\/span><strong>Po\u010das prv\u00e9ho decembrov\u00e9ho v\u00edkendu v Jasnej to bude \u017ei\u0165<\/strong><span>!&nbsp;<\/span><strong>Budeme otv\u00e1ra\u0165 nov\u00fa ly\u017eiarsku sez\u00f3nu 2023\/24<\/strong><span>, ktor\u00e1 sa bude nies\u0165 <\/span><strong><a href=\"https:\/\/www.worldcupjasna.sk\/\" target=\"_blank\" rel=\"noreferrer noopener\">v atmosf\u00e9re svetov\u00e9ho poh\u00e1ra \u017eien, ktor\u00fd sa kon\u00e1 20. &#8211; 21. janu\u00e1ra 2024<\/a><\/strong><span>&nbsp;v Jasnej! \u010cak\u00e1 n\u00e1s otv\u00e1ra\u010dka vo ve\u013ekom \u0161t\u00fdle s bohat\u00fdm denn\u00fdm aj ve\u010dern\u00fdm programom, ktor\u00fd za\u010dne u\u017e od piatka 1. 12. 2023. Program vyvrchol\u00ed v sobotu ve\u010der s ve\u013ekolepou p\u00e1rty WINTER JASN\u00c1 OPENING &#8211; SVETOV\u00dd VE\u010cER.&nbsp;<\/span><strong>Fam\u00f3zna DARA ROLINS<\/strong><span>&nbsp;a jej chyt\u013eav\u00e9 hity roztancuj\u00fa cel\u00fa Jasn\u00fa! Na ve\u013ekolepej show vyst\u00fapi aj&nbsp;<\/span><strong>DJ EKG, MILAN LIESKOVSK\u00dd a MARK DANN<\/strong>, ktor\u00ed prines\u00fa tane\u010dn\u00fa expl\u00f3ziu a sexi tane\u010dnice vo ve\u013ekolep\u00fdch kost\u00fdmoch perfektne dotvoria atmosf\u00e9ru fantastick\u00e9ho Winter Jasn\u00e1 Opening!<\/p>\n\n\n\n<p><span><\/span><strong>YOU CANNOT MISS THIS!<\/strong><\/p>\n\n\n<div class=\"accordion-acf\">\r\n  <div id=\"\" class=\"accordion\">\r\n    <a href=\"#\" class=\"accordion-title\">\r\n      <span class=\"icon-plus\"><span><\/span><\/span>\r\n      Tickets    <\/a>\r\n\t\t<div class=\"accordion-content\" >\r\n      <div id=\"c220561\" class=\"frame frame-default frame-type-textpic frame-layout-0\">\n<div class=\"ce-textpic ce-center ce-above\">\n<div class=\"ce-bodytext\">\n<div class=\"table-responsive\">\n<table>\n<tbody>\n<tr>\n<td><\/td>\n<td><strong>online pre-sale 2nd part<\/strong><\/td>\n<td><strong>online pre-sale 3rd part<\/strong><\/td>\n<td><strong>offline<\/strong><\/td>\n<\/tr>\n<tr>\n<td><strong>PUBLIC ticket*<\/strong><\/td>\n<td><strong>29\u00a0\u20ac<\/strong><\/td>\n<td><strong>39\u00a0\u20ac<\/strong><\/td>\n<td>45\u00a0\u20ac<\/td>\n<td><\/td>\n<\/tr>\n<tr>\n<td><strong>VIP ticket*<\/strong><\/td>\n<td><strong>69\u00a0\u20ac<\/strong><\/td>\n<td><strong>89\u00a0\u20ac<\/strong><\/td>\n<td>99\u00a0\u20ac<\/td>\n<td><\/td>\n<\/tr>\n<\/tbody>\n<\/table>\n<\/div>\n<\/div>\n<\/div>\n<\/div>\n<div id=\"c271493\" class=\"frame frame-default frame-type-textpic frame-layout-0\">\n<div class=\"ce-textpic ce-center ce-above\"><\/div>\n<\/div>\n<div id=\"c224049\" class=\"frame frame-default frame-type-textpic frame-layout-0\">\n<div class=\"ce-textpic ce-center ce-above\">\n<div class=\"ce-bodytext\">\n<p>* Online tickets can be purchased until 1.12.2023 midnight. After that, the tickets are going to be available in the information centre of Biela p\u00fa\u0165 on 2.12.2023 and on site before the event.<\/p>\n<p>PUBLIC tickets include access to the Winter Jasn\u00e1 Opening party in the lower Happy End section.<\/p>\n<p>VIP tickets include a welcome drink, access to the Winter Jasn\u00e1 Opening party in the upper Happy End section and a VIP party with a DJ in the Crystal bar.<\/p>\n<\/div>\n<\/div>\n<\/div>\n    <\/div>\r\n\t<\/div>\r\n<\/div>\r\n\n\n\n<p><\/p>\n\n\n\n<figure class=\"wp-block-embed is-type-video is-provider-youtube wp-block-embed-youtube wp-embed-aspect-16-9 wp-has-aspect-ratio\"><div class=\"wp-block-embed__wrapper\">\n<iframe loading=\"lazy\" title=\"Winter Jasn\u00e1 Opening 2023\" width=\"500\" height=\"281\" src=\"https:\/\/www.youtube.com\/embed\/MIOi_5xoi3Q?feature=oembed\" frameborder=\"0\" allow=\"accelerometer; autoplay; clipboard-write; encrypted-media; gyroscope; picture-in-picture; web-share\" referrerpolicy=\"strict-origin-when-cross-origin\" allowfullscreen><\/iframe>\n<\/div><\/figure>\n<div class=\"cookieconsent-optout-marketing\">Please, to view the video,  <a href=\"javascript:Cookiebot.renew()\">accept marketing cookies.<\/a> <\/div>","protected":false},"author":15,"featured_media":552180,"template":"","podujatia-kategorie":[481,416],"podujatia_lokalita":[356],"class_list":["post-552197","podujatia","type-podujatia","status-publish","has-post-thumbnail","hentry","podujatia_kategorie-hory-en","podujatia_kategorie-cultural-events","lokalita-jasna-en"],"acf":[],"_links":{"self":[{"href":"https:\/\/plannervisit.krasno.dev\/en\/wp-json\/wp\/v2\/podujatia\/552197"}],"collection":[{"href":"https:\/\/plannervisit.krasno.dev\/en\/wp-json\/wp\/v2\/podujatia"}],"about":[{"href":"https:\/\/plannervisit.krasno.dev\/en\/wp-json\/wp\/v2\/types\/podujatia"}],"author":[{"embeddable":true,"href":"https:\/\/plannervisit.krasno.dev\/en\/wp-json\/wp\/v2\/users\/15"}],"version-history":[{"count":0,"href":"https:\/\/plannervisit.krasno.dev\/en\/wp-json\/wp\/v2\/podujatia\/552197\/revisions"}],"wp:featuredmedia":[{"embeddable":true,"href":"https:\/\/plannervisit.krasno.dev\/en\/wp-json\/wp\/v2\/media\/552180"}],"wp:attachment":[{"href":"https:\/\/plannervisit.krasno.dev\/en\/wp-json\/wp\/v2\/media?parent=552197"}],"wp:term":[{"taxonomy":"podujatia_kategorie","embeddable":true,"href":"https:\/\/plannervisit.krasno.dev\/en\/wp-json\/wp\/v2\/podujatia-kategorie?post=552197"},{"taxonomy":"lokalita","embeddable":true,"href":"https:\/\/plannervisit.krasno.dev\/en\/wp-json\/wp\/v2\/podujatia_lokalita?post=552197"}],"curies":[{"name":"wp","href":"https:\/\/api.w.org\/{rel}","templated":true}]}}