{"id":90764,"date":"2018-03-22T00:00:00","date_gmt":"2018-03-21T23:00:00","guid":{"rendered":"https:\/\/www.visitliptov.sk\/trasa\/ostredok-demanovska-dolina\/"},"modified":"2023-04-25T09:25:19","modified_gmt":"2023-04-25T07:25:19","slug":"observation-tower-ostredok-demanovska-valley","status":"publish","type":"route","link":"https:\/\/plannervisit.krasno.dev\/en\/route\/observation-tower-ostredok-demanovska-valley\/","title":{"rendered":"Observation Tower Ostredok"},"content":{"rendered":"<div class=\"accordion-acf\">\r\n  <div id=\"\" class=\"accordion\">\r\n    <a href=\"#\" class=\"accordion-title\">\r\n      <span class=\"icon-plus\"><span><\/span><\/span>\r\n      Podrobn\u00fd popis trasy    <\/a>\r\n\t\t<div class=\"accordion-content\" >\r\n      <p>Rozh\u013ead\u0148a Ostredok sa nach\u00e1dza len nieko\u013eko min\u00fat ch\u00f4dze od parkoviska v lokalite Biela p\u00fa\u0165 v ly\u017eiarskom stredisku Jasn\u00e1 \u2013 N\u00edzke Tatry. V\u00fdchodz\u00ed bod a smerovn\u00edk je vidite\u013en\u00fd aj z parkoviska.<\/p>\n<p>Z hlavnej cesty odbo\u010d\u00edte pri kr\u00ed\u017ei a pokra\u010dujete nen\u00e1ro\u010dnou turistickou trasou po \u017eltej zna\u010dke. Ve\u017ea bola postaven\u00e1 len ned\u00e1vno a turistom pon\u00faka v\u00fdh\u013eady na Chopok a panor\u00e1mu N\u00edzkych Tatier, a tie\u017e na ly\u017eiarske stredisko. Pod rozh\u013ead\u0148ou je umiestnen\u00fd piknikov\u00fd st\u00f4l a lavi\u010dky.<\/p>\n<p>Turistick\u00fd chodn\u00edk \u010falej pokra\u010duje k Symbolick\u00e9mu cintor\u00ednu obetiam N\u00edzkych Tatier a \u010falej a\u017e k Dem\u00e4novskej jaskyni slobody. V kaplnke na symbolickom cintor\u00edne s\u00fa umiestnen\u00e9 tabu\u013eky s menami \u013eud\u00ed, ktor\u00ed zahynuli v N\u00edzkych Tatr\u00e1ch. Je tam aj s\u00faso\u0161ie \u201cHorskej piety\u201d, ktor\u00e1 symbolizuje \u017eia\u013e matky nad stratou die\u0165a\u0165a. Vo vn\u00fatri cintor\u00edna sa nach\u00e1dza slovensk\u00fd znak a zvon, ktor\u00fd uliali umelci z Liptovsk\u00e9ho Mikul\u00e1\u0161a, a taktie\u017e monument\u00e1lny \u0161es\u0165metrov\u00fd dreven\u00fd kr\u00ed\u017e, ktor\u00fd vyrezal rezb\u00e1r z obce Kriv\u00e1\u0148.<\/p>\n    <\/div>\r\n\t<\/div>\r\n  <div id=\"\" class=\"accordion\">\r\n    <a href=\"#\" class=\"accordion-title\">\r\n      <span class=\"icon-plus\"><span><\/span><\/span>\r\n      Dostupnos\u0165 a parkovacie mo\u017enosti    <\/a>\r\n\t\t<div class=\"accordion-content\" >\r\n      <p>Bezplatn\u00e9 \u0161trkov\u00e9 parkovisko pozd\u013a\u017e cesty je priamo na v\u00fdchodzom bode pri r\u00e1zcestn\u00edku. V\u00fdchodz\u00ed bod a smerovn\u00edk je vidite\u013en\u00fd aj z parkoviska.<\/p>\n<p>Najbli\u017e\u0161ia autobusov\u00e1 zast\u00e1vka sa nach\u00e1dza v Dem\u00e4novskej doline pri Hoteli Grand Jasn\u00e1. Pravideln\u00e9 autobusov\u00e9 spoje id\u00fa z Liptovsk\u00e9ho Mikul\u00e1\u0161a.<br data-rich-text-line-break=\"true\" \/><a href=\"https:\/\/cp.hnonline.sk\/vlakbusmhd\/spojenie\/\" target=\"_blank\" rel=\"noreferrer noopener\">Cestovn\u00fd poriadok &gt;&gt;&gt;<\/a><\/p>\n    <\/div>\r\n\t<\/div>\r\n  <div id=\"\" class=\"accordion\">\r\n    <a href=\"#\" class=\"accordion-title\">\r\n      <span class=\"icon-plus\"><span><\/span><\/span>\r\n      Mo\u017enosti ubytovania a stravovania    <\/a>\r\n\t\t<div class=\"accordion-content\" >\r\n      <p>Stravovanie a ubytovanie je mo\u017en\u00e9 v okolit\u00fdch hoteloch, re\u0161tur\u00e1ci\u00e1ch \u010di bufetoch. Dem\u00e4novsk\u00e1 dolina resp. stredisko Jasn\u00e1 N\u00edzke Tatry poskytuje celoro\u010dne \u0161irok\u00fa ponuku slu\u017eieb v\u0161etk\u00fdch kateg\u00f3ri\u00ed.<\/p>\n<p><span><\/span><strong><a href=\"https:\/\/plannervisit.krasno.dev\/?page_id=20836\" target=\"_blank\" rel=\"noreferrer noopener\" data-rich-text-format-boundary=\"true\">N\u00e1jdi a rezervuj ubytovanie &gt;<\/a><a href=\"https:\/\/plannervisit.krasno.dev\/?page_id=20836\" target=\"_blank\" rel=\"noreferrer noopener\" data-rich-text-format-boundary=\"true\">&gt;<\/a><a href=\"https:\/\/plannervisit.krasno.dev\/?page_id=20836\" target=\"_blank\" rel=\"noreferrer noopener\" data-rich-text-format-boundary=\"true\">&gt;<\/a><\/strong><\/p>\n    <\/div>\r\n\t<\/div>\r\n<\/div>\r\n\n\n\n<p> (N\u00e1h\u013ead mapy: hiking.sk) <\/p>\n\n\n\n<h3 class=\"wp-block-heading\">LIVE cam<\/h3>\n\n\n\n<div class=\"wp-block-columns is-layout-flex wp-container-core-columns-is-layout-1 wp-block-columns-is-layout-flex\">\n<div class=\"wp-block-column is-layout-flow wp-block-column-is-layout-flow\">\r\n    <video-js id=\"live-ROZHLADNA1\" width=\"600\" height=\"300\" class=\"vjs-default-skin\" preload=\"auto\" autoplay muted>\r\n        <source src=\"https:\/\/kukaj.profi-net.sk:443\/commercial\/ROZHLADNA1.stream\/playlist.m3u8\" type=\"application\/x-mpegURL\">\r\n    <\/video-js>\r\n\r\n    <script>\r\n        var livecam = tmrlive('live-ROZHLADNA1', {\r\n            liveui: true,\r\n            controls: true,\r\n            fluid: true\r\n        });\r\n\r\n    <\/script>\r\n\t\n<\/div>\n\n\n\n<div class=\"wp-block-column is-layout-flow wp-block-column-is-layout-flow\">\r\n    <video-js id=\"live-ROZHLADNA2\" width=\"600\" height=\"300\" class=\"vjs-default-skin\" preload=\"auto\" autoplay muted>\r\n        <source src=\"https:\/\/kukaj.profi-net.sk:443\/commercial\/ROZHLADNA2.stream\/playlist.m3u8\" type=\"application\/x-mpegURL\">\r\n    <\/video-js>\r\n\r\n    <script>\r\n        var livecam = tmrlive('live-ROZHLADNA2', {\r\n            liveui: true,\r\n            controls: true,\r\n            fluid: true\r\n        });\r\n\r\n    <\/script>\r\n\t\n<\/div>\n<\/div>\n","protected":false},"author":1,"featured_media":236136,"comment_status":"open","ping_status":"closed","template":"","meta":{"_acf_changed":false,"inline_featured_image":false,"episode_type":"","audio_file":"","cover_image":"","cover_image_id":"","duration":"","filesize":"","date_recorded":"","explicit":"","block":"","filesize_raw":"","footnotes":""},"podujatia_lokalita":[356],"category-route":[248,815,485],"obdobie-trasy":[591,592],"class_list":["post-90764","route","type-route","status-publish","has-post-thumbnail","hentry","lokalita-jasna-en","category-route-lookout-towers","category-route-kam-s-detmi-priroda-en","category-route-all","season-route-summer","season-route-winter"],"acf":[],"_links":{"self":[{"href":"https:\/\/plannervisit.krasno.dev\/en\/wp-json\/wp\/v2\/route\/90764"}],"collection":[{"href":"https:\/\/plannervisit.krasno.dev\/en\/wp-json\/wp\/v2\/route"}],"about":[{"href":"https:\/\/plannervisit.krasno.dev\/en\/wp-json\/wp\/v2\/types\/route"}],"author":[{"embeddable":true,"href":"https:\/\/plannervisit.krasno.dev\/en\/wp-json\/wp\/v2\/users\/1"}],"replies":[{"embeddable":true,"href":"https:\/\/plannervisit.krasno.dev\/en\/wp-json\/wp\/v2\/comments?post=90764"}],"version-history":[{"count":0,"href":"https:\/\/plannervisit.krasno.dev\/en\/wp-json\/wp\/v2\/route\/90764\/revisions"}],"wp:featuredmedia":[{"embeddable":true,"href":"https:\/\/plannervisit.krasno.dev\/en\/wp-json\/wp\/v2\/media\/236136"}],"wp:attachment":[{"href":"https:\/\/plannervisit.krasno.dev\/en\/wp-json\/wp\/v2\/media?parent=90764"}],"wp:term":[{"taxonomy":"lokalita","embeddable":true,"href":"https:\/\/plannervisit.krasno.dev\/en\/wp-json\/wp\/v2\/podujatia_lokalita?post=90764"},{"taxonomy":"category-route","embeddable":true,"href":"https:\/\/plannervisit.krasno.dev\/en\/wp-json\/wp\/v2\/category-route?post=90764"},{"taxonomy":"season-route","embeddable":true,"href":"https:\/\/plannervisit.krasno.dev\/en\/wp-json\/wp\/v2\/obdobie-trasy?post=90764"}],"curies":[{"name":"wp","href":"https:\/\/api.w.org\/{rel}","templated":true}]}}