{"id":48373,"date":"2016-01-06T00:00:00","date_gmt":"2016-01-05T23:00:00","guid":{"rendered":"http:\/\/www.visitliptov.sk\/zaujimavosti\/trstene\/"},"modified":"2024-02-19T14:19:06","modified_gmt":"2024-02-19T13:19:06","slug":"trstene","status":"publish","type":"attraction","link":"https:\/\/plannervisit.krasno.dev\/pl\/ciekawostka\/trstene\/","title":{"rendered":"Trsten\u00e9"},"content":{"rendered":"<p style=\"text-align: justify;\">Ma\u0142a gmina mi\u0119dzy g\u00f3rami, le\u017cy w \u015brodkowej cz\u0119\u015bci Kotliny Liptowskiej 3 km od Liptowskiego Mikulasza. Obszar Trsteneho rozpina si\u0119 mi\u0119dzy strumieniem Jalowieckim i strumykiem Mutnik na wysoko\u015bci 764 metr\u00f3w nad poziomem morza. Rozpina si\u0119 przez Chraste i Laniszte a\u017c po szczyt Salatin. Granica Banik\u00f3w \u2013 Salatin dotyka si\u0119 w p\u00f3\u0142nocnej cz\u0119\u015bci Orawy a&nbsp;kieruje na po\u0142udnie przez Lysec do Hlbokej i Jaloweckej doliny.<\/p>\n<p style=\"text-align: justify;\">Najstarsza wzmianka o Trstenom (Nad\u00e1sd) pochodzi z&nbsp;1269 roku, w kt\u00f3rej kr\u00f3l Bela IV da\u0142 osiedle Trstene, dok\u0105d chodzi\u0142 polowa\u0107, \u017cupanowi Bogomirowi. W dokumentach rodu Bogomira II z&nbsp;XIII-XV wieku wyst\u0119puje nazwa wioski regularnie w j\u0119zyku w\u0119gierskim jako N\u00e1dasd, co jest t\u0142umaczeniem s\u0142owackiej nazwy t\u0155stie \u2013 pl. trzcina. Nazwa jest utworzona od trzciny moczarnej, kt\u00f3ra tutaj bogato ros\u0142a w moczarach.<\/p>\n<p style=\"text-align: justify;\">Trstene ma\u0142a i do 1960 roku zab\u0142ocona wioska rolnicza ma bogat\u0105 histori\u0119 dzi\u0119ki temu, \u017ce by\u0142a siedzib\u0105 ziemian, do kt\u00f3rych nale\u017celi podw\u0142adni z&nbsp;kolejnych trzech miejscowo\u015bci. Blisko\u015b\u0107 Bobrovca z prawami miejskimi nadanymi przez kr\u00f3la Bel\u0119 IV&nbsp;i po\u0142o\u017cenie osiedla z&nbsp;dobrym widokiem i&nbsp;po\u0142\u0105czeniem drogowym na dolny i&nbsp;\u015brodkowy&nbsp; Liptow oraz rozleg\u0142e lasy przyczynili si\u0119 do tego, \u017ce nowi szlachcicy stopniowo zbudowali ko\u015bci\u00f3\u0142, dzwonnic\u0119, za\u0142o\u017cyli szko\u0142\u0119 i&nbsp;s\u0105d dla podw\u0142adnych. Byli w sta\u0142ym zwi\u0105zku z&nbsp;urz\u0119dem komitatu i&nbsp;powiatowym oraz&nbsp;mieli tam przez pewien czas tak\u017ce swoich pod\u017cupan\u00f3w i pods\u0142u\u017cnego. Najpierw pisa\u0142y si\u0119 imieniem gminy\u2026 de Nadasd a&nbsp;p\u00f3\u017aniej przej\u0119li nazw\u0119 ,,B\u00e1n\u201c i \u201dTrsten\u00e9\u201d. Jednak naszych &nbsp;przodk\u00f3w wykorzystywali przymusow\u0105 niewolnick\u0105 i&nbsp;podw\u0142adn\u0105 prac\u0105 u szlachcic\u00f3w, gdzie ich uciskano, zubo\u017cano, s\u0105dzono i karano. A\u017c po zniesieniu pa\u0144szczyzny przymusowa praca u&nbsp;szlachty sko\u0144czy\u0142a si\u0119. W tych czasach do gminy dostali si\u0119 tak\u017ce nowi mieszka\u0144cy \u2013 kucharze, nauczyciele, hajducy, pisarze, gospodarze, wychowawcy dzieci, kt\u00f3rzy podnie\u015bli poziom w\u0142a\u015bciwych zawod\u00f3w tak\u017ce gminy. Ziemianie p\u00f3\u017aniej zacz\u0119li ziemie wynajmowa\u0107 \u017bydom ew. sprzedawa\u0107 swoim by\u0142ym podw\u0142adnym i sami pracowali w urz\u0119dach. Arendatorzy wnie\u015bli do gospodarstwa post\u0119py i&nbsp;nowo\u015bci, zatrudniali mieszka\u0144c\u00f3w za wynagrodzenie a&nbsp;ci p\u00f3\u017aniej mogli sobie ziemi\u0119 odkupi\u0107 i&nbsp;gospodarowa\u0107 na niej samodzielnie.<\/p>\n","protected":false},"excerpt":{"rendered":"<p>Ma\u0142a gmina mi\u0119dzy g\u00f3rami, le\u017cy w \u015brodkowej cz\u0119\u015bci Kotliny Liptowskiej 3 km od Liptowskiego Mikulasza. Obszar Trsteneho rozpina si\u0119 mi\u0119dzy &#8230;<\/p>\n","protected":false},"author":15,"featured_media":11924,"comment_status":"open","ping_status":"closed","template":"","podujatia_lokalita":[326],"kategoria-zaujimavosti":[590],"obdobie":[324,325],"lrc-discount":[],"lrc-category":[],"class_list":["post-48373","attraction","type-attraction","status-publish","has-post-thumbnail","hentry","lokalita-inny","category-attraction-obce-pl","season-lato","season-zima-pl"],"acf":[],"_links":{"self":[{"href":"https:\/\/plannervisit.krasno.dev\/pl\/wp-json\/wp\/v2\/attraction\/48373"}],"collection":[{"href":"https:\/\/plannervisit.krasno.dev\/pl\/wp-json\/wp\/v2\/attraction"}],"about":[{"href":"https:\/\/plannervisit.krasno.dev\/pl\/wp-json\/wp\/v2\/types\/attraction"}],"author":[{"embeddable":true,"href":"https:\/\/plannervisit.krasno.dev\/pl\/wp-json\/wp\/v2\/users\/15"}],"replies":[{"embeddable":true,"href":"https:\/\/plannervisit.krasno.dev\/pl\/wp-json\/wp\/v2\/comments?post=48373"}],"version-history":[{"count":0,"href":"https:\/\/plannervisit.krasno.dev\/pl\/wp-json\/wp\/v2\/attraction\/48373\/revisions"}],"wp:featuredmedia":[{"embeddable":true,"href":"https:\/\/plannervisit.krasno.dev\/pl\/wp-json\/wp\/v2\/media\/11924"}],"wp:attachment":[{"href":"https:\/\/plannervisit.krasno.dev\/pl\/wp-json\/wp\/v2\/media?parent=48373"}],"wp:term":[{"taxonomy":"lokalita","embeddable":true,"href":"https:\/\/plannervisit.krasno.dev\/pl\/wp-json\/wp\/v2\/podujatia_lokalita?post=48373"},{"taxonomy":"category-attraction","embeddable":true,"href":"https:\/\/plannervisit.krasno.dev\/pl\/wp-json\/wp\/v2\/kategoria-zaujimavosti?post=48373"},{"taxonomy":"season","embeddable":true,"href":"https:\/\/plannervisit.krasno.dev\/pl\/wp-json\/wp\/v2\/obdobie?post=48373"},{"taxonomy":"lrc-discount","embeddable":true,"href":"https:\/\/plannervisit.krasno.dev\/pl\/wp-json\/wp\/v2\/lrc-discount?post=48373"},{"taxonomy":"lrc-category","embeddable":true,"href":"https:\/\/plannervisit.krasno.dev\/pl\/wp-json\/wp\/v2\/lrc-category?post=48373"}],"curies":[{"name":"wp","href":"https:\/\/api.w.org\/{rel}","templated":true}]}}