{"id":48920,"date":"2016-06-21T00:00:00","date_gmt":"2016-06-20T22:00:00","guid":{"rendered":"http:\/\/www.visitliptov.sk\/zaujimavosti\/jasna-nizke-tatry-w-lecie\/"},"modified":"2024-04-19T07:33:03","modified_gmt":"2024-04-19T05:33:03","slug":"jasna-nizke-tatry-w-lecie-turystyka","status":"publish","type":"attraction","link":"https:\/\/plannervisit.krasno.dev\/pl\/ciekawostka\/jasna-nizke-tatry-w-lecie-turystyka\/","title":{"rendered":"Jasn\u00e1 N\u00edzke Tatry"},"content":{"rendered":"\n<p><span>Letnie wakacje w o\u015brodku Jasn\u00e1 to nie tylko <\/span><strong>czyste, \u015bwie\u017ce powietrze, g\u00f3rskie s\u0142o\u0144ce, relaks i najpi\u0119kniejsze wycieczki na S\u0142owacji<\/strong><span>, ale tak\u017ce mo\u017cliwo\u015b\u0107 poprawy formy na kilka sposob\u00f3w. <\/span><strong>Ruch na \u015bwie\u017cym powietrzu<\/strong><span> z pewno\u015bci\u0105 spodoba si\u0119 ca\u0142ej rodzinie! <\/span><strong>Jasn\u00e1<\/strong><span> to wyj\u0105tkowe miejsce z nowoczesnymi <\/span><strong>mo\u017cliwo\u015bciami uprawiania sportu dla ka\u017cdego<\/strong>.<\/p>\n\n\n\n<p><span><\/span><strong>Chopok <\/strong><span>2024 m n.p.m M. w sezonie letnim 2023 jest dost\u0119pny dla w\u00f3zk\u00f3w inwalidzkich zar\u00f3wno od strony p\u00f3\u0142nocnej, jak i po\u0142udniowej, dzi\u0119ki <\/span><strong><a href=\"about:blank\">nowej kolejce gondolowej A6<\/a><\/strong><span>. Nowoczesne kolejki linowe Funitel prowadz\u0105 od strony p\u00f3\u0142nocnej do stacji wyj\u015bciowej na Chopku na wysoko\u015bci 2004 m n.p.m. M. a stamt\u0105d mo\u017cna uda\u0107 si\u0119 na szczyt na <\/span><strong>przyjemne w\u0119dr\u00f3wki po grani lub letnie spacery<\/strong>.<\/p>\n\n\n\n<p>Ciesz si\u0119 latem pe\u0142nym wra\u017ce\u0144!<\/p>\n\n\n<div class=\"accordion-acf\">\r\n  <div id=\"\" class=\"accordion\">\r\n    <a href=\"#\" class=\"accordion-title\">\r\n      <span class=\"icon-plus\"><span><\/span><\/span>\r\n      TURYSTYKA    <\/a>\r\n\t\t<div class=\"accordion-content\" >\r\n      <p>O\u015brodek Jasn\u00e1 N\u00edzke Tatry ma do zaoferowania mn\u00f3stwo szlak\u00f3w do uprawiania turystyki g\u00f3rskiej i trekkingu o zr\u00f3\u017cnicowanym stopniu trudno\u015bci, od trudnych, wymagaj\u0105cych pewnego przygotowania po szlaki przeznaczone dla rodzin z dzie\u0107mi i pocz\u0105tkuj\u0105cych. Dostosuj tras\u0119 do w\u0142asnych mo\u017cliwo\u015bci i kondycji, a je\u015bli nie czujesz si\u0119 pewnie, skorzystaj z us\u0142ug przewodnika, dzi\u0119ki kt\u00f3remu Twoja wyprawa stanie si\u0119 bezpieczn\u0105 przygod\u0105. Oferujemy jednodniowe \u0142atwe wycieczki g\u00f3rskie i kilkudniowe \u015brednio trudne i trudne wyprawy wysokog\u00f3rskie.<\/p>\n<p>Je\u015bli zainteresuje Ci\u0119 nasza oferta i przyjmiesz zaproszenie do \u015bwiata ciszy, odkryjes.z pi\u0119kno, kt\u00f3rym natura hojnie obdarowa\u0142a Dolin\u0119 Demianowsk\u0105 i Tatry Niskie.<\/p>\n<p>1. <a href=\"https:\/\/goo.gl\/Jz9hqt\" target=\"_blank\" rel=\"noopener\"><strong>NA NAJWY\u017bSZY SZCZYT TATR NISKICH &#8211; DZIUMBIER (\u010eUMBIER) I Z POWROTEM<\/strong><\/a><\/p>\n<p>D\u0142ugo\u015b\u0107 trasy: 8,8 km<br \/>\nCzas: 4 h<br \/>\nStopie\u0144 trudno\u015bci: \u015brednio trudna<\/p>\n<p>2. <a href=\"https:\/\/goo.gl\/FAVW7c\" target=\"_blank\" rel=\"noopener\"><strong>Z CHOPOKA PRZEZ SIOD\u0141O POLANY NA TRI VODY I PRZE\u0141\u0118CZ BIELA P\u00da\u0164<\/strong><\/a><\/p>\n<p>D\u0142ugo\u015b\u0107 trasy: 9,1 km<br \/>\nCzas 2: 3 h 20 min<br \/>\nCzas 2a: 4 h<br \/>\nStopie\u0144 trudno\u015bci: \u0142atwa<\/p>\n<p>3. <a href=\"https:\/\/goo.gl\/LRAqg9\" target=\"_blank\" rel=\"noopener\"><strong>Z CHOPOKA DO PRZE\u0141\u0118CZY DEMIANOWSKIEJ I DOLIN\u0104 SZEROK\u0104 DO MIEJSCOWO\u015aCI L\u00da\u010cKY<\/strong><\/a><\/p>\n<p>D\u0142ugo\u015b\u0107 trasy: 9,5 km<br \/>\nCzas 3: 3 h<br \/>\nCzas 3a: 3 h 45 min<br \/>\nStopie\u0144 trudno\u015bci: \u0142atwa<\/p>\n<p>4. <a href=\"https:\/\/goo.gl\/2IrP7K\" target=\"_blank\" rel=\"noopener\"><strong>\u015aCIE\u017bKA EDUKACYJNA DOLINA DEMIANOWSKA<\/strong><\/a><\/p>\n<p>D\u0142ugo\u015b\u0107 trasy: 13 km<br \/>\nCzas: 4 h 30 min<br \/>\nStopie\u0144 trudno\u015bci: \u015brednio trudna<\/p>\n<p>5. <a href=\"https:\/\/goo.gl\/OV1Ghn\" target=\"_blank\" rel=\"noopener\"><strong>DO SYMBOLICZNEGO CMENTARZA, JASKINI DEMIANOWSKIEJ I Z POWROTEM<\/strong><\/a><\/p>\n<p>D\u0142ugo\u015b\u0107 trasy 5: 1,8 km<br \/>\nCzas 5: 50 min<br \/>\nD\u0142ugo\u015b\u0107 trasy 5a: 5,2 km<br \/>\nCzas 5a: 120 min<br \/>\nStopie\u0144 trudno\u015bci: \u015brednio trudna<\/p>\n<p>6. <a href=\"https:\/\/goo.gl\/dPujNQ\" target=\"_blank\" rel=\"noopener\"><strong>SPACER WOK\u00d3\u0141 JEZIORA VRBICKIEGO<\/strong><\/a><\/p>\n<p>D\u0142ugo\u015b\u0107 trasy: 1 km<br \/>\nCzas: 20 min<br \/>\nStopie\u0144 trudno\u015bci: \u0142atwa<\/p>\n<p>7. <a href=\"https:\/\/goo.gl\/78FGcV\" target=\"_blank\" rel=\"noopener\"><strong>MAGISTRAL\u0104 Z KOSODREVINY POD DZIUMBIER (\u010eUMBIER), NA CHOPOK I Z POWROTEM<\/strong><\/a><\/p>\n<p>D\u0142ugo\u015b\u0107 trasy: 10 km<br \/>\nCzas 7: 5 h 30 min<br \/>\nCzas 7a: 6 h 10 min<br \/>\nCzas 7b: 6 h 20 min<br \/>\nStopie\u0144 trudno\u015bci: \u015brednio trudna<\/p>\n<p>8. <a href=\"https:\/\/goo.gl\/f3fnyx\" target=\"_blank\" rel=\"noopener\"><strong>Z KOSODREVINY NA CHOPOK I Z POWROTEM<\/strong><\/a><\/p>\n<p>D\u0142ugo\u015b\u0107 trasy: 3 km<br \/>\nCzas: 3 h 30 min<br \/>\nStopie\u0144 trudno\u015bci: \u015brednio trudna<\/p>\n<p>9. <a href=\"https:\/\/goo.gl\/zUSsWz\" target=\"_blank\" rel=\"noopener\"><strong>Z KOSODREVINY DO SCHRONISKA GEN. M. R. \u0160TEF\u00c1NIKA I DO SCHRONISKA TRANGO\u0160KA<\/strong><\/a><\/p>\n<p>D\u0142ugo\u015b\u0107 trasy: 9 km<br \/>\nCzas: 2 h 40 min<br \/>\nStopie\u0144 trudno\u015bci: \u0142atwa<\/p>\n<p>10. <a href=\"https:\/\/goo.gl\/1iw84I\" target=\"_blank\" rel=\"noopener\"><strong>Z KOSODREVINY NA CHOPOK PRZEZ PRZE\u0141\u0118CZ PR\u00cdSLOP, DERESZE (DERE\u0160E) I Z POWROTEM<\/strong><\/a><\/p>\n<p>D\u0142ugo\u015b\u0107 trasy: 6,5 km<br \/>\nCzas: 4 h<br \/>\nStopie\u0144 trudno\u015bci: \u015brednio trudna<\/p>\n<p>11. <a href=\"https:\/\/goo.gl\/bP85b0\" target=\"_blank\" rel=\"noopener\"><strong>Z KOSODREVINY NA CHOPOK PRZEZ PRZE\u0141\u0118CZ KRZYSK\u0104 (KR\u00cd\u017dSKE SEDLO) I Z POWROTEM<\/strong><\/a><\/p>\n<p>D\u0142ugo\u015b\u0107 trasy: 14 km<br \/>\nCzas: 5 h 30 min<br \/>\nStopie\u0144 trudno\u015bci: trudna<\/p>\n<p>12. <a href=\"https:\/\/goo.gl\/PHxknT\" target=\"_blank\" rel=\"noopener\"><strong>\u015aCIE\u017bK\u0104 MY\u015aLIWYCH DO JASKINI MARTWYCH NIETOPERZY<\/strong><\/a><\/p>\n<p>D\u0142ugo\u015b\u0107 trasy: 8,8 km<br \/>\nCzas: 2 h<br \/>\nStopie\u0144 trudno\u015bci: trudna<\/p>\n    <\/div>\r\n\t<\/div>\r\n  <div id=\"\" class=\"accordion\">\r\n    <a href=\"#\" class=\"accordion-title\">\r\n      <span class=\"icon-plus\"><span><\/span><\/span>\r\n      VRBICK\u00c9 PLESO    <\/a>\r\n\t\t<div class=\"accordion-content\" >\r\n      <p>Punkt wyj\u015bciowy: parking pod hotelem Grand &#8211; po prawej stronie drogi wej\u015bcie \u015bcie\u017ck\u0105 edukacyjn\u0105 Dem\u00e4novsk\u00e1 Dolina (Dolina Demianowska) i dalej nietrudnym \u017c\u00f3\u0142tym szlakiem turystycznym.<br \/>\nPrzy jeziorze, w lesie mo\u017cna odpocz\u0105\u0107 na \u0142aweczkach i cieszy\u0107 si\u0119 widokami okolicznych szczyt\u00f3w Tatr Niskich.<\/p>\n<p>Jezioro Vrbickie to jezioro polodowcowe i najwi\u0119kszy naturalny zbiornik wodny w Tatrach Niskich. Le\u017cy na wysoko\u015bci 1113 m n.p.m. w g\u00f3rnej zachodniej cz\u0119\u015bci Doliny Demianowskiej. Zajmuje powierzchni\u0119 0,69 ha, w najg\u0142\u0119bszym miejscu ma g\u0142\u0119boko\u015b\u0107 8 m, a tak\u017ce 115 m d\u0142ugo\u015bci i 62 m szeroko\u015bci. Jest to jezioro morenowe, kt\u00f3re powsta\u0142o po ust\u0105pieniu lodowca z p\u00f3\u0142nocnych stok\u00f3w Chopoku i Deresz\u00f3w (Dere\u0161e). Ze wzgl\u0119du na swoje powstanie bardziej przypomina g\u00f3rskie jeziora Tatr Wysokich. Z jeziora wyp\u0142ywa Otupnianka, dlatego aby zapewni\u0107 sta\u0142y poziom wody zbudowano zapory. Do Jeziora Vrbickiego prowadzi kilka szlak\u00f3w turystycznych. Jezioro stopniowo porasta ro\u015blinno\u015bci\u0105. Na jego brzegach znajduj\u0105 si\u0119 obiekty o\u015brodka rekreacyjnego Jasn\u00e1. Od 1975 roku jezioro jest pomnikiem przyrody obj\u0119tym najwy\u017cszym, pi\u0105tym stopniem ochrony.<\/p>\n<p>Aktualnie przygotowywany jest zakrojony na szerok\u0105 skal\u0119 projekt ochrony Jeziora Vrbickiego, kt\u00f3ry ma je uchroni\u0107 przed zanikiem. Jego powierzchnia w ci\u0105gu ostatnich dw\u00f3ch dziesi\u0119cioleci gwa\u0142townie zaros\u0142a pa\u0142kami wodnymi, ro\u015blin\u0105, kt\u00f3ra wyst\u0119puje na zdecydowanie ni\u017cej po\u0142o\u017conych obszarach. Istnieje obawa, \u017ce jezioro mog\u0142oby zupe\u0142nie zarosn\u0105\u0107, a projekt ma na celu jego uratowanie. W\u00f3wczas pod Chopok mog\u0142yby za wzorem Szczyrbskiego Plesa (\u0160trbsk\u00e9 pleso) powr\u00f3ci\u0107 niewielkie \u0142\u00f3dki, kt\u00f3re by\u0142y wykorzystywane do p\u0142ywania od lat 60. ubieg\u0142ego wieku., a kt\u00f3re z Tatr Niskich znikn\u0119\u0142y w latach osiemdziesi\u0105tych. Jezioro Vrbickie nadal mo\u017ce s\u0142u\u017cy\u0107 do cel\u00f3w edukacyjnych za spraw\u0105 \u015bcie\u017cki edukacyjnej i tablic adresowanych do uczni\u00f3w szk\u00f3\u0142 podstawowych. W ramach przygotowania projektu przewiduje si\u0119 \u015bcis\u0142\u0105 wsp\u00f3\u0142prac\u0119 os\u00f3b z bran\u017cy turystycznej oraz ekolog\u00f3w.<\/p>\n    <\/div>\r\n\t<\/div>\r\n  <div id=\"\" class=\"accordion\">\r\n    <a href=\"#\" class=\"accordion-title\">\r\n      <span class=\"icon-plus\"><span><\/span><\/span>\r\n      SMOCZA PANNA MLODA NA CHOPKU    <\/a>\r\n\t\t<div class=\"accordion-content\" >\r\n      <h4 class=\"text-center\">Czy s\u0142ysza\u0142e\u015b ju\u017c o\u00a0zaczarowanej smoczycy, kt\u00f3ra spoczywa pod Chopokiem? Odwied\u017a j\u0105 podczas w\u0119dr\u00f3wki po Jasnej, a\u00a0by\u0107 mo\u017ce b\u0119dziesz mie\u0107 szcz\u0119\u015bcie i\u00a0zobaczysz, jak si\u0119 budzi ze stuletniego snu!<\/h4>\n<h4><strong>Gdzie j\u0105 znajdziesz?<\/strong><\/h4>\n<p class=\"text-justify\">Na szczyt Chopoka z \u0142atwo\u015bci\u0105 dotrzesz kolejk\u0105 linow\u0105 od p\u00f3\u0142nocnej lub po\u0142udniowej strony. Aby widok na smocz\u0105 pann\u0119 m\u0142od\u0105 by\u0142 jak najlepszy, musisz zej\u015b\u0107 w d\u00f3\u0142 po trasie zjazdowej 1c (strona p\u00f3\u0142nocna), a po oko\u0142o 50 metrach skr\u0119ci\u0107 w prawo w stron\u0119 drewnianych barierek. St\u0105d zobaczysz zamienion\u0105\u00a0<strong>w ska\u0142\u0119 smocz\u0105 pann\u0119 m\u0142od\u0105.<\/strong><\/p>\n<p><img decoding=\"async\" src=\"https:\/\/www.jasna.sk\/fileadmin\/_processed_\/2\/5\/csm_2018-07-26_09_35_23-Dracia_nevesta_zavoj_hore.pdf_-_Adobe_Reader_eb8bdbcd93.png\" \/><\/p>\n<h4 class=\"text-center\"><strong>Poznajcie opowie\u015b\u0107 smoczej panny m\u0142odej.<\/strong><\/h4>\n<p class=\"text-justify\">Przyjazny smok Demian, stra\u017cnik przepi\u0119knej Doliny Demianowskiej, od zawsze kocha\u0142 przyrod\u0119, a najbardziej cieszy\u0142 si\u0119 ni\u0105 podczas swoich widokowych lot\u00f3w. Uwielbia\u0142 przeloty wzd\u0142u\u017c Doliny Demianowskiej, ponad pi\u0119knymi jaskiniami, ostrymi ska\u0142ami, przez Chopok na po\u0142udniow\u0105 stron\u0119 i z powrotem. Szalone obroty, salta i manewry w powietrzu by\u0142y jego ulubion\u0105 zabaw\u0105. Czego\u015b mu jednak brakowa\u0142o. Czu\u0142 si\u0119 samotny, bo by\u0142 jedynym smokiem w okolicy.<br \/>\nA\u017c do pewnego letniego dnia, kiedy us\u0142ysza\u0142 straszliwy p\u0142acz i j\u0119k dobiegaj\u0105cy znad Jeziora Vrbickiego. Nie m\u00f3g\u0142 uwierzy\u0107 w\u0142asnym oczom! Kiedy dolecia\u0142 na miejsce, okaza\u0142o si\u0119, \u017ce na brzegu jeziora siedzi nieszcz\u0119\u015bliwa smoczyca, kt\u00f3ra niechc\u0105cy zab\u0142\u0105dzi\u0142a w okolicy. Dowiedzia\u0142 si\u0119, \u017ce ma na imi\u0119 Alica i przylecia\u0142a z dalekich kraj\u00f3w. Smok\u00a0Demian uspokoi\u0142 smoczyc\u0119 Alic\u0119 i obieca\u0142 jej, \u017ce najpierw poka\u017ce jej Dolin\u0119 Demianowsk\u0105, a p\u00f3\u017aniej pomo\u017ce jej znale\u017a\u0107 drog\u0119 do domu. Alica zgodzi\u0142a si\u0119 i razem wybrali si\u0119 na widokowy przelot. Niemal natychmiast zakocha\u0142a si\u0119 w bajkowej przyrodzie Tatr Niskich i zdecydowa\u0142a si\u0119, \u017ce troch\u0119 tu zostanie.<br \/>\nMin\u0119\u0142o kilka dni, tygodni, miesi\u0119cy, a smoczyca Alica ci\u0105gle odk\u0142ada\u0142a sw\u00f3j powr\u00f3t do domu, Dolina Demianowska j\u0105 urzek\u0142a, a w domu nic dobrego j\u0105 nie czeka\u0142o. Mia\u0142a wyj\u015b\u0107 za obrzydliwego siedmiog\u0142owego smoka Maksymiliana, aby uratowa\u0107 sw\u00f3j kraj od zniszczenia. To z kolei nie podoba\u0142o si\u0119 smokowi Demianowi. Nie chcia\u0142, \u017ceby smoczyca Alica znik\u0142a, a ju\u017c na pewno nie \u017cyczy\u0142 sobie, \u017ceby wysz\u0142a za obrzydliwego siedmiog\u0142owego smoka! Dlatego postanowi\u0142, \u017ce nigdzie jej nie pu\u015bci, pojmie j\u0105 za \u017con\u0119 i zamieszkaj\u0105 razem w Dolinie Demianowskiej. Smoczyca Alica zgodzi\u0142a si\u0119, bo r\u00f3wnie\u017c by\u0142a w nim zakochana i by\u0142o im razem cudownie.<br \/>\nDzie\u0144 ich wesela zapowiada\u0142 si\u0119 wspaniale. Smoczyca Alica wygl\u0105da\u0142a jak prawdziwa panna m\u0142oda. Tiara wysadzana szmaragdami, \u015bnie\u017cnobia\u0142y jedwabny welon&#8230; Smok Demian wprost nie m\u00f3g\u0142 si\u0119 na ni\u0105 napatrze\u0107. Swoj\u0105 mi\u0142o\u015b\u0107 mieli przypiecz\u0119towa\u0107 na Chopoku Smoczyca Alica przylecia\u0142a od p\u00f3\u0142nocnej strony, smok Demian od po\u0142udniowej. W ci\u0105gu paru chwil pi\u0119kna s\u0142oneczna pogoda przemieni\u0142a si\u0119 w gwa\u0142town\u0105 burz\u0119 z przera\u017caj\u0105cymi piorunami, kt\u00f3r\u0105 rozp\u0119ta\u0142 obrzydliwy siedmiog\u0142owy smok Maksymilian. Us\u0142ysza\u0142 o zdradzie Alicy, dlatego zes\u0142a\u0142 na m\u0142od\u0105 par\u0119 mro\u017c\u0105ce krew w \u017cy\u0142ach pioruny i gromy. Jeden z nich trafi\u0142 w smoczyc\u0119 Alic\u0119, kt\u00f3ra skamienia\u0142a, drugi za\u015b uderzy\u0142 smoka Demiana, kt\u00f3ry przemieni\u0142 si\u0119 w metalow\u0105 figur\u0119. Zakochane smoki zosta\u0142y przekl\u0119te na ca\u0142e sto lat, sto dni, sto godzin i sto minut.<\/p>\n<h4 class=\"text-center\">Pewien czas od tego nieszcz\u0119snego dnia ju\u017c min\u0105\u0142. Kto wie, czy nie zbli\u017ca si\u0119 kres ich okrutnej kary? Zachowajcie czujno\u015b\u0107, bo kt\u00f3\u017c wie, czy smoczyca Alica i smok Demian nie o\u017cyj\u0105 na Waszych oczach?<\/h4>\n    <\/div>\r\n\t<\/div>\r\n  <div id=\"\" class=\"accordion\">\r\n    <a href=\"#\" class=\"accordion-title\">\r\n      <span class=\"icon-plus\"><span><\/span><\/span>\r\n      SALASZ PRIEHYBA    <\/a>\r\n\t\t<div class=\"accordion-content\" >\r\n      <div id=\"c204583\" class=\"frame frame-default frame-type-textpic frame-layout-0\">\n<div class=\"ce-textpic ce-right ce-intext\">\n<div class=\"ce-bodytext\">\n<p class=\"text-justify\">W sezonie letnim w Jasnej ponownie b\u0119dzie mo\u017cna zobaczy\u0107 rzadk\u0105 ras\u0119 owiec wo\u0142oskich! W najwy\u017cej po\u0142o\u017conej bac\u00f3wce na S\u0142owacji, w Sza\u0142asie Priehyba, sw\u00f3j tymczasowy dom ma tam stado ponad czterdziestu owiec wo\u0142oskich. Jest to pierwotny gatunek owiec, kt\u00f3re niegdy\u015b wypasano na g\u00f3rskich halach na wysoko\u015bci powy\u017cej 1400 m n.p.m. Gatunek jest niewymagaj\u0105cy w hodowli, odznacza si\u0119 charakterystycznymi zakr\u0119conymi rogami. W Jasnej m\u0142ode owce b\u0119d\u0105 si\u0119 pas\u0142y w okolicach Priehyby pod czujnym okiem pasterza i kilku ps\u00f3w pasterskich. Dzieci i doro\u015bli b\u0119d\u0105 mieli sposobno\u015b\u0107 zg\u0142\u0119biania historii owczarstwa oraz tajnik\u00f3w tego niezwyk\u0142ego gatunku i sposob\u00f3w jego hodowli w przepi\u0119knym otoczeniu Tatr Niskich.<\/p>\n<p><span><\/span><strong>Miejsce: \u00a0Priehyba, Jasn\u00e1 Tatry Niskie<br \/>\nData: Ca\u0142y sezon letni<\/strong><\/p>\n<\/div>\n<header>\n<p class=\"ce-headline-center\"><a href=\"https:\/\/plannervisit.krasno.dev\/pl\/ciekawostka\/szalas-priehyba-jasna\/\"><strong>Wi\u0119cej info<\/strong><\/a><\/p>\n<\/header>\n<\/div>\n<\/div>\n    <\/div>\r\n\t<\/div>\r\n  <div id=\"\" class=\"accordion\">\r\n    <a href=\"#\" class=\"accordion-title\">\r\n      <span class=\"icon-plus\"><span><\/span><\/span>\r\n      SKY PICNIC    <\/a>\r\n\t\t<div class=\"accordion-content\" >\r\n      <p class=\"align-justify\">Chcesz podziwia\u0107 pi\u0119kne<strong> widoki z kolejki linowej<\/strong> na dorzecze g\u00f3rnego Hronu i delektowa\u0107 si\u0119 pysznym jedzeniem ? W Jasnej te\u017c to jest mo\u017cliwe.<\/p>\n<p><span>W kabinie kolejki linowej b\u0119dzie czeka\u0107 na Ciebie <\/span><strong>kosz piknikowy<\/strong>, w kt\u00f3rym znajdziesz:<\/p>\n<ul class=\"list-normal\">\n<li>szynk\u0119 prosciutto<\/li>\n<li>sery<\/li>\n<li>r\u00f3\u017cne rodzaje pieczywa<\/li>\n<li>owoce<\/li>\n<li>wod\u0119 gazowan\u0105<\/li>\n<li>prosecco<\/li>\n<\/ul>\n<p><a href=\"https:\/\/plannervisit.krasno.dev\/pl\/ciekawostka\/sky-picnic-lato-jasna\/\">Wi<strong>\u0119<\/strong>cej info<\/a><\/p>\n    <\/div>\r\n\t<\/div>\r\n  <div id=\"\" class=\"accordion\">\r\n    <a href=\"#\" class=\"accordion-title\">\r\n      <span class=\"icon-plus\"><span><\/span><\/span>\r\n      ZAJ\u0118CIA LETNIE W JASNEJ    <\/a>\r\n\t\t<div class=\"accordion-content\" >\r\n      <p>W Jasnej na pewno nie b\u0119dziesz si\u0119 nudzi\u0107!<\/p>\n<ul>\n<li>w\u00f3zki g\u00f3rskie<\/li>\n<li>wypo\u017cyczalnia rower\u00f3w elektrycznych<\/li>\n<li>rury<\/li>\n<li>trampoliny<\/li>\n<li>p\u0142ywanie \u0142\u00f3dk\u0105<\/li>\n<\/ul>\n<p>Wi\u0119cej informacji <a href=\"https:\/\/plannervisit.krasno.dev\/pl\/ciekawostka\/atrakcje-letnie-jasna-gokarty-gorskie-tubing-trampoliny\/\">TUTAJ<\/a>!<\/p>\n    <\/div>\r\n\t<\/div>\r\n<\/div>\r\n\n\n\n<p><\/p>\n\n\n\n<p>Latem Chopok zamienia si\u0119 w oaz\u0119 bogatej zieleni. Grzbiet o d\u0142ugo\u015bci oko\u0142o 100 km otwiera ramiona i przyci\u0105ga ciekawskich do w\u0119dr\u00f3wek po pl\u0105taninie szlak\u00f3w turystycznych. Dolina Demianowska jest cz\u0119\u015bci\u0105 Parku Narodowego Ni\u017cne Tatry, gdzie najcenniejszy jest Kras Demianowski, znane na ca\u0142ym \u015bwiecie jaskinie &#8211; Demianowska Jaskinia Wolno\u015bci, Demianowska Jaskinia Lodowa i Jezioro Vrbick\u00e9. Demianowska Jaskinia Wolno\u015bci jest otwarta przez ca\u0142y rok, Demianowska Jaskinia Lodowa tylko w sezonie letnim. Vrbick\u00e9 pleso to najwi\u0119ksze naturalne jezioro w Tatrach Niskich. Mo\u017cliwo\u015b\u0107 letnich w\u0119dr\u00f3wek, wspinaczki ska\u0142kowej, pi\u0119kna fauna i flora oraz odpowiednie warunki klimatyczne to powody letniego wypoczynku w Tatrach Niskich.<\/p>\n\n\n\n<figure class=\"wp-block-embed is-type-video is-provider-youtube wp-block-embed-youtube wp-embed-aspect-16-9 wp-has-aspect-ratio\"><div class=\"wp-block-embed__wrapper\">\n<iframe loading=\"lazy\" title=\"Slne\u010dn\u00e9 letn\u00e9 dni v Jasnej si u\u017eijete naplno \u2600\ufe0f\ud83d\udc4d\ud83d\udea0\" width=\"500\" height=\"281\" src=\"https:\/\/www.youtube.com\/embed\/AZeNNIt0W3I?feature=oembed\" frameborder=\"0\" allow=\"accelerometer; autoplay; clipboard-write; encrypted-media; gyroscope; picture-in-picture; web-share\" referrerpolicy=\"strict-origin-when-cross-origin\" allowfullscreen><\/iframe>\n<\/div><\/figure>\n<div class=\"cookieconsent-optout-marketing\">Prosz\u0119, aby obejrze\u0107 wideo, <a href=\"javascript:Cookiebot.renew()\"> zaakceptuj ciasteczka marketingowe.<\/a> <\/div>\n\n\n\n","protected":false},"excerpt":{"rendered":"<p>Letnie wakacje w o\u015brodku Jasn\u00e1 to nie tylko czyste, \u015bwie\u017ce powietrze, g\u00f3rskie s\u0142o\u0144ce, relaks i najpi\u0119kniejsze wycieczki na S\u0142owacji, ale &#8230;<\/p>\n","protected":false},"author":15,"featured_media":597711,"comment_status":"open","ping_status":"closed","template":"","podujatia_lokalita":[447],"kategoria-zaujimavosti":[934,937,320,940,945,335,588,384,670,695,696,612],"obdobie":[324],"lrc-discount":[],"lrc-category":[],"class_list":["post-48920","attraction","type-attraction","status-publish","has-post-thumbnail","hentry","lokalita-jasna-pl","category-attraction-kam-s-detmi-1-3-pl","category-attraction-kam-s-detmi-4-6-pl","category-attraction-rodziny-z-dziecmi","category-attraction-kam-s-detmi-6-10-pl","category-attraction-kam-s-detmi-10-pl","category-attraction-sport-a-volny-cas-pl","category-attraction-kam-s-detmi-pl","category-attraction-aktivity-a-relax-pl","category-attraction-kam-s-detmi-naucne-pl","category-attraction-liptov-s-detmi-top-pl","category-attraction-kam-s-detmi-priroda-pl","category-attraction-trips-for-kids-teen-pl","season-lato"],"acf":[],"_links":{"self":[{"href":"https:\/\/plannervisit.krasno.dev\/pl\/wp-json\/wp\/v2\/attraction\/48920"}],"collection":[{"href":"https:\/\/plannervisit.krasno.dev\/pl\/wp-json\/wp\/v2\/attraction"}],"about":[{"href":"https:\/\/plannervisit.krasno.dev\/pl\/wp-json\/wp\/v2\/types\/attraction"}],"author":[{"embeddable":true,"href":"https:\/\/plannervisit.krasno.dev\/pl\/wp-json\/wp\/v2\/users\/15"}],"replies":[{"embeddable":true,"href":"https:\/\/plannervisit.krasno.dev\/pl\/wp-json\/wp\/v2\/comments?post=48920"}],"version-history":[{"count":0,"href":"https:\/\/plannervisit.krasno.dev\/pl\/wp-json\/wp\/v2\/attraction\/48920\/revisions"}],"wp:featuredmedia":[{"embeddable":true,"href":"https:\/\/plannervisit.krasno.dev\/pl\/wp-json\/wp\/v2\/media\/597711"}],"wp:attachment":[{"href":"https:\/\/plannervisit.krasno.dev\/pl\/wp-json\/wp\/v2\/media?parent=48920"}],"wp:term":[{"taxonomy":"lokalita","embeddable":true,"href":"https:\/\/plannervisit.krasno.dev\/pl\/wp-json\/wp\/v2\/podujatia_lokalita?post=48920"},{"taxonomy":"category-attraction","embeddable":true,"href":"https:\/\/plannervisit.krasno.dev\/pl\/wp-json\/wp\/v2\/kategoria-zaujimavosti?post=48920"},{"taxonomy":"season","embeddable":true,"href":"https:\/\/plannervisit.krasno.dev\/pl\/wp-json\/wp\/v2\/obdobie?post=48920"},{"taxonomy":"lrc-discount","embeddable":true,"href":"https:\/\/plannervisit.krasno.dev\/pl\/wp-json\/wp\/v2\/lrc-discount?post=48920"},{"taxonomy":"lrc-category","embeddable":true,"href":"https:\/\/plannervisit.krasno.dev\/pl\/wp-json\/wp\/v2\/lrc-category?post=48920"}],"curies":[{"name":"wp","href":"https:\/\/api.w.org\/{rel}","templated":true}]}}