{"id":594373,"date":"2017-09-20T00:00:00","date_gmt":"2017-09-19T22:00:00","guid":{"rendered":"https:\/\/www.visitliptov.sk\/trasa\/liptovsky-hrad\/"},"modified":"2024-04-11T12:50:27","modified_gmt":"2024-04-11T10:50:27","slug":"liptovsky-hrad-zamek-liptowski-z-obce-kalameny","status":"publish","type":"route","link":"https:\/\/plannervisit.krasno.dev\/pl\/trasa\/liptovsky-hrad-zamek-liptowski-z-obce-kalameny\/","title":{"rendered":"Liptovsk\u00fd hrad (Zamek Liptowski) z obce Kalameny"},"content":{"rendered":"<div class=\"accordion-acf\">\r\n  <div id=\"\" class=\"accordion\">\r\n    <a href=\"#\" class=\"accordion-title\">\r\n      <span class=\"icon-plus\"><span><\/span><\/span>\r\n      Szczeg\u00f3\u0142owy opis trasy    <\/a>\r\n\t\t<div class=\"accordion-content\" >\r\n      <p><span>Samoch\u00f3d zostawiamy w centrum miejscowo\u015bci na parkingu przy ko\u015bciele. Stamt\u0105d idziemy asfaltow\u0105 drog\u0105, czeka nas oko\u0142o <\/span><strong><em>20 minut do termalnego jeziorka<\/em><\/strong><span>. Droga jest \u0142adna, po lewej stronie za domami wida\u0107 Wielki Chocz. Droga jest, ku mojemu zdziwieniu, <\/span><strong><em>do\u015b\u0107 ruchliwa<\/em><\/strong>, je\u015bli chodzi o ruch drogowy. Jeziorko termalne jest chyba do\u015b\u0107 popularne. Na w\u0105skiej drodze stoi sporo samochod\u00f3w, a nawet kamper.<\/p>\n<p><span>Jedziemy dalej \u0142adn\u0105 <\/span><strong><em>dolin\u0105 wzd\u0142u\u017c potoku<\/em><\/strong><span>, pod wysokimi iglakami. Powoli rozgl\u0105damy si\u0119 za <\/span><strong><em>skr\u0119tem w prawo<\/em><\/strong><span>. Zwiod\u0142a nas le\u015bna droga, dwie minuty p\u00f3\u017aniej odkrywam \u0142\u0105k\u0119 ze szlakiem, ale to jeszcze nie to. Wracamy na asfalt i wkr\u00f3tce <\/span><strong><em>skr\u0119camy w prawo za \u017c\u00f3\u0142tym szlakiem<\/em><\/strong>. Wita nas le\u015bny ci\u0105gnik, a za nim niesamowicie rozje\u017cd\u017cona i b\u0142otnista droga. Widz\u0119 \u015bcie\u017ck\u0119 w lesie po mojej prawej stronie, ale nie mam ochoty wspina\u0107 si\u0119 po k\u0142odach i skaka\u0107 przez strumie\u0144, wi\u0119c pod\u0105\u017camy dalej, my\u015bl\u0105c, \u017ce zobaczymy, dok\u0105d prowadzi szlak.<\/p>\n<p>\u015acie\u017cka nadal wije si\u0119 wzd\u0142u\u017c drogi, wi\u0119c szybko na ni\u0105 wchodzimy, ale czasami znika, wi\u0119c przedzieramy si\u0119 przez krzaki i wracamy na \u015bcie\u017ck\u0119, a potem znowu na drog\u0119. Jakby tego by\u0142o ma\u0142o, dopad\u0142y nas jakie\u015b robale, szybko je zabijam, ale i tak zd\u0105\u017cy\u0142y mnie pogry\u017a\u0107.<\/p>\n<p><span>B\u0142ota stopniowo ubywa, w ko\u0144cu pod\u0105\u017camy tylko le\u015bn\u0105 drog\u0105 z g\u0142\u0119bokimi koleinami. <\/span><strong><em>Po oko\u0142o 40 minutach<\/em><\/strong><span> widzimy <\/span><strong><em>trawiast\u0105 prze\u0142\u0119cz<\/em><\/strong><span>. Jest tu pi\u0119knie i od razu robi si\u0119 cieplej na duszy. Po prawej widz\u0119 nasze wzg\u00f3rze, <\/span><strong><em>przechodzimy przez \u0142\u0105k\u0119 do jego podn\u00f3\u017ca<\/em><\/strong><span> i w cieniu urz\u0105dzamy sobie ma\u0142y piknik na le\u015bnej \u015bcie\u017cce. Widok na Sielnick\u0105 hor\u0119 jest wspania\u0142y. Przed nami jeszcze ostatnie <\/span><strong><em>podej\u015bcie do zamku<\/em><\/strong><span>. <\/span><strong><em>\u015acie\u017cka<\/em><\/strong><span> przez zagajnik <\/span><strong><em>jest stroma<\/em><\/strong>. Pod szczytem spotykamy czesk\u0105 par\u0119 id\u0105c\u0105 tym samym szlakiem.<\/p>\n<p><span>Wkr\u00f3tce widz\u0119 pierwsz\u0105 \u015bcian\u0119 zamku i <\/span><strong><em>jeste\u015bmy w najwy\u017cszym punkcie naszej w\u0119dr\u00f3wki<\/em><\/strong><span>. Teren zamku jest pi\u0119kny. Chocia\u017c nie zachowa\u0142o si\u0119 zbyt wiele mur\u00f3w. Z tablicy pami\u0105tkowej dowiadujemy si\u0119, \u017ce <\/span><strong><em>pierwsza wzmianka o istnieniu warowni pochodzi z 1262 roku<\/em><\/strong>. Jej atutem pod wzgl\u0119dem obronnym by\u0142a trudna dost\u0119pno\u015b\u0107. Zamek by\u0142 chroniony przez strome zbocza od strony po\u0142udniowej i zachodniej, natomiast p\u00f3\u0142nocna i wschodnia cz\u0119\u015b\u0107 by\u0142a chroniona przez ci\u0105gn\u0105ce si\u0119 urwisko skalne Sestr\u010de. Zamek mia\u0142 kilku w\u0142a\u015bcicieli, ostatnim by\u0142 liptowski i orawski \u017cupan Peter Komorovsk\u00fd. By\u0142 on r\u00f3wnie\u017c jednym z przyw\u00f3dc\u00f3w powstania przeciwko kr\u00f3lowi Maciejowi Korwinowi. Kr\u00f3l zachowa\u0142 w\u0142adz\u0119, a wojska kr\u00f3lewskie w odwecie zburzy\u0142y niemal ca\u0142kowicie zamek w 1471 roku.<\/p>\n<p><span>Po spacerze przez ca\u0142y zamek zajmiemy najwy\u017csze miejsce w cieniu pod niewielkim drzewem iglastym. Wieje tu wiatr i roztacza si\u0119 wspania\u0142y widok na <\/span><strong><em>Liptowsk\u0105 Mar\u0119 i Prawnacz (Pravn\u00e1\u010d)<\/em><\/strong>.<\/p>\n<p><span>Przez d\u0142ugi czas jeste\u015bmy tu sami, co mnie dziwi, jest wprawdzie \u015brodek tygodnia, ale wakacje. Wkr\u00f3tce jednak pojawiaj\u0105 si\u0119 inni tury\u015bci, kt\u00f3rzy robi\u0105 nam zdj\u0119cie, a w drodze na d\u00f3\u0142 napotykamy kolejne osiem os\u00f3b. Przechodzimy jeszcze przez <\/span><strong><em>trzy komnaty w poszukiwaniu skrytki geocachingowej<\/em><\/strong>, a nast\u0119pnie niech\u0119tnie zaczynamy schodzi\u0107.<\/p>\n<p><span>Tu\u017c <\/span><strong><em>pod drabin\u0105 odbywa si\u0119 wycinka<\/em><\/strong>, s\u0105 traktory i kolejka linowa, na szcz\u0119\u015bcie nie widzimy \u017cadnych wi\u0119kszych miejsc wyr\u0119bu i nie musz\u0119 ponownie odpowiada\u0107 na pytania, dlaczego <em>panowie wycinaj\u0105 \u0142adne drzewa i robi\u0105 b\u0142oto<\/em>. <strong><em>Schodzimy w d\u00f3\u0142 po zboczu<\/em><\/strong><span>, po zej\u015bciu z najbardziej stromego wzg\u00f3rza jeste\u015bmy troch\u0119 zdezorientowani, nie wiemy, czy w prawo, czy w lewo. <\/span><strong><em>W lewo<\/em><\/strong><span>, teraz pod\u0105\u017camy <\/span><strong><em>jednocze\u015bnie za \u017c\u00f3\u0142tym i czerwonym szlakiem<\/em><\/strong><span>. Doprowadz\u0105 nas one do <\/span><strong><em>prze\u0142\u0119czy pod Kr\u00e1\u013eov\u0105<\/em><\/strong>. St\u0105d idziemy dalej przez du\u017c\u0105 \u0142\u0105k\u0119. Ta cz\u0119\u015b\u0107 w\u0119dr\u00f3wki jest bardzo pi\u0119kna.<\/p>\n<p>Nad stawem zatrzymamy si\u0119 na oko\u0142o p\u00f3\u0142 godziny. Jest tu sporo ludzi, ale wszyscy si\u0119 tu zmieszcz\u0105. Woda jest do\u015b\u0107 p\u0142ytka i przyjemnie ciep\u0142a.<\/p>\n<p>W\u0119dr\u00f3wk\u0119 oceniam na dobr\u0105, szkoda tylko, \u017ce le\u015bna droga zosta\u0142a zniszczona przez wycink\u0119. Osobom id\u0105cym naszym \u015bladem polecam r\u00f3wnoleg\u0142y szlak le\u015bny, a le\u015bnicy mo\u017ce pomy\u015bleliby o turystach przy zwo\u017ceniu drewna szlakiem turystycznym, zw\u0142aszcza w tak turystycznym regionie. (www.hiking.sk)<\/p>\n    <\/div>\r\n\t<\/div>\r\n  <div id=\"\" class=\"accordion\">\r\n    <a href=\"#\" class=\"accordion-title\">\r\n      <span class=\"icon-plus\"><span><\/span><\/span>\r\n      Dost\u0119pno\u015b\u0107 i mo\u017cliwo\u015bci parkowania    <\/a>\r\n\t\t<div class=\"accordion-content\" >\r\n      <p><span><\/span><strong>Lokalizacja pocz\u0105tkowa: 49.125907, 19.414413<\/strong><\/p>\n<p>W miejscowo\u015bci znajduj\u0105 si\u0119 bezp\u0142atne parkingi.<\/p>\n<p>Poci\u0105giem lub autobusem do Ru\u017comberku, a nast\u0119pnie autobusem z Ru\u017comberku do miejscowo\u015bci Kalameny<\/p>\n    <\/div>\r\n\t<\/div>\r\n  <div id=\"\" class=\"accordion\">\r\n    <a href=\"#\" class=\"accordion-title\">\r\n      <span class=\"icon-plus\"><span><\/span><\/span>\r\n      Opcje zakwaterowania i wy\u017cywienia    <\/a>\r\n\t\t<div class=\"accordion-content\" >\r\n      <p>W Kalamenach lub pobliskiej miejscowo\u015bci L\u00fa\u010dky znajduje si\u0119 kilka obiekt\u00f3w noclegowych, kt\u00f3re oferuj\u0105 zakwaterowanie. Wy\u017cywienie oferowane jest zar\u00f3wno latem, jak i zim\u0105, w hotelowych restauracjach lub barach z przek\u0105skami.<\/p>\n    <\/div>\r\n\t<\/div>\r\n<\/div>\r\n\n\n\n<p><\/p>\n\n\n<div class=\"iframe\"><iframe src=\"https:\/\/www.google.com\/maps\/embed?pb=!4v1641975902469!6m8!1m7!1sCAoSLEFGMVFpcE42Y1I3cHZ1aG55aUUwVHdOU19FTFJaSUNESmt0UTZhR2RJNGxf!2m2!1d49.14791706363201!2d19.43005453743236!3f176.54!4f-0.8400000000000034!5f0.7820865974627469\" width=\"600\" height=\"450\" style=\"border:0;\" allowfullscreen=\"\" loading=\"lazy\"><\/iframe><\/div>\n\n\n<div class=\"iframe\"><iframe src=\"https:\/\/www.google.com\/maps\/embed?pb=!4v1641975926111!6m8!1m7!1sCAoSLEFGMVFpcE5zV3F5bmFpUXRYWlNIZW1penhoN1hGY0ZLQnVqV2NWU1RuQnB2!2m2!1d49.14749072908725!2d19.43015109695689!3f165.17!4f-3.489999999999995!5f0.4000000000000002\" width=\"600\" height=\"450\" style=\"border:0;\" allowfullscreen=\"\" loading=\"lazy\"><\/iframe><\/div>\n","protected":false},"author":1,"featured_media":554005,"comment_status":"open","ping_status":"closed","template":"","meta":{"_acf_changed":false,"inline_featured_image":false,"episode_type":"","audio_file":"","cover_image":"","cover_image_id":"","duration":"","filesize":"","date_recorded":"","explicit":"","block":"","filesize_raw":"","footnotes":""},"podujatia_lokalita":[326],"category-route":[490],"obdobie-trasy":[593],"class_list":["post-594373","route","type-route","status-publish","has-post-thumbnail","hentry","lokalita-inny","category-route-wszystko","season-route-lato"],"acf":[],"_links":{"self":[{"href":"https:\/\/plannervisit.krasno.dev\/pl\/wp-json\/wp\/v2\/route\/594373"}],"collection":[{"href":"https:\/\/plannervisit.krasno.dev\/pl\/wp-json\/wp\/v2\/route"}],"about":[{"href":"https:\/\/plannervisit.krasno.dev\/pl\/wp-json\/wp\/v2\/types\/route"}],"author":[{"embeddable":true,"href":"https:\/\/plannervisit.krasno.dev\/pl\/wp-json\/wp\/v2\/users\/1"}],"replies":[{"embeddable":true,"href":"https:\/\/plannervisit.krasno.dev\/pl\/wp-json\/wp\/v2\/comments?post=594373"}],"version-history":[{"count":0,"href":"https:\/\/plannervisit.krasno.dev\/pl\/wp-json\/wp\/v2\/route\/594373\/revisions"}],"wp:featuredmedia":[{"embeddable":true,"href":"https:\/\/plannervisit.krasno.dev\/pl\/wp-json\/wp\/v2\/media\/554005"}],"wp:attachment":[{"href":"https:\/\/plannervisit.krasno.dev\/pl\/wp-json\/wp\/v2\/media?parent=594373"}],"wp:term":[{"taxonomy":"lokalita","embeddable":true,"href":"https:\/\/plannervisit.krasno.dev\/pl\/wp-json\/wp\/v2\/podujatia_lokalita?post=594373"},{"taxonomy":"category-route","embeddable":true,"href":"https:\/\/plannervisit.krasno.dev\/pl\/wp-json\/wp\/v2\/category-route?post=594373"},{"taxonomy":"season-route","embeddable":true,"href":"https:\/\/plannervisit.krasno.dev\/pl\/wp-json\/wp\/v2\/obdobie-trasy?post=594373"}],"curies":[{"name":"wp","href":"https:\/\/api.w.org\/{rel}","templated":true}]}}